{"id":23744,"date":"2022-08-15T14:29:55","date_gmt":"2022-08-15T11:29:55","guid":{"rendered":"https:\/\/art.if.com.tr\/?page_id=23744"},"modified":"2022-09-21T18:32:56","modified_gmt":"2022-09-21T15:32:56","slug":"y","status":"publish","type":"page","link":"https:\/\/art.if.com.tr\/?page_id=23744","title":{"rendered":"Y"},"content":{"rendered":"<div id=\"pl-gb23744-69f74f5f5b48b\"  class=\"panel-layout\" ><div id=\"pg-gb23744-69f74f5f5b48b-0\"  class=\"panel-grid panel-no-style\" ><div id=\"pgc-gb23744-69f74f5f5b48b-0-0\"  class=\"panel-grid-cell panel-grid-cell-empty\" ><\/div><div id=\"pgc-gb23744-69f74f5f5b48b-0-1\"  class=\"panel-grid-cell\" ><div id=\"panel-gb23744-69f74f5f5b48b-0-1-0\" class=\"so-panel widget widget_sow-editor panel-first-child panel-last-child\" data-index=\"0\" ><div\n\t\t\t\n\t\t\tclass=\"so-widget-sow-editor so-widget-sow-editor-base\"\n\t\t\t\n\t\t>\n<div class=\"siteorigin-widget-tinymce textwidget\">\n\t<ul class=\"children\">\n<li id=\"category-244\"><a href=\"https:\/\/art.if.com.tr\/?cat=244\">Yal\u00e7\u0131n Atasay<\/a><\/li>\n<li id=\"category-126\"><a href=\"https:\/\/art.if.com.tr\/?cat=126\">Yal\u00e7\u0131n G\u00f6k\u00e7eba\u011f<\/a><\/li>\n<li id=\"category-127\"><a href=\"https:\/\/art.if.com.tr\/?cat=127\">Yal\u0131n Karado\u011fan<\/a><\/li>\n<li id=\"category-129\"><a href=\"https:\/\/art.if.com.tr\/?cat=129\">Ya\u015far Bedri \u00d6zdemir<\/a><\/li>\n<li id=\"category-130\"><a href=\"https:\/\/art.if.com.tr\/?cat=130\">Ya\u015far \u00c7all\u0131<\/a><\/li>\n<li id=\"category-131\"><a href=\"https:\/\/art.if.com.tr\/?cat=131\">Ya\u015far Yayla<\/a><\/li>\n<li id=\"category-128\"><a href=\"https:\/\/art.if.com.tr\/?cat=128\">Yasemin Taba\u011f<\/a><\/li>\n<li id=\"category-132\"><a href=\"https:\/\/art.if.com.tr\/?cat=132\">Yavuz \u0130\u015fler<\/a><\/li>\n<li id=\"category-133\"><a href=\"https:\/\/art.if.com.tr\/?cat=133\">Yavuz Tanyeli<\/a><\/li>\n<li id=\"category-134\"><a href=\"https:\/\/art.if.com.tr\/?cat=134\">Yavuz T\u00fcrky\u0131lmaz<\/a><\/li>\n<li id=\"category-152\"><a href=\"https:\/\/art.if.com.tr\/?cat=152\">Ye\u015fim T\u00fcrkeli<\/a><\/li>\n<li id=\"category-135\"><a href=\"https:\/\/art.if.com.tr\/?cat=135\">Yi\u011fit Yaz\u0131c\u0131<\/a><\/li>\n<li id=\"category-190\"><a href=\"https:\/\/art.if.com.tr\/?cat=190\">Y\u0131ld\u0131z Doyran<\/a><\/li>\n<li id=\"category-319\"><a href=\"https:\/\/art.if.com.tr\/?cat=319\">Y\u0131lmaz \u015eenol<\/a><\/li>\n<li id=\"category-137\"><a href=\"https:\/\/art.if.com.tr\/?cat=137\">Y\u00fcksel Ayd\u0131n<\/a><\/li>\n<li><a href=\"https:\/\/art.if.com.tr\/?cat=825\">Yunus Emre Cevheri<\/a><\/li>\n<li id=\"category-136\"><a href=\"https:\/\/art.if.com.tr\/?cat=136\">Yusuf Ziya Ayg\u00fcn<\/a><\/li>\n<\/ul>\n<\/div>\n<\/div><\/div><\/div><\/div><\/div>","protected":false},"excerpt":{"rendered":"<p>Yal\u00e7\u0131n Atasay Yal\u00e7\u0131n G\u00f6k\u00e7eba\u011f Yal\u0131n Karado\u011fan Ya\u015far Bedri \u00d6zdemir Ya\u015far \u00c7all\u0131 Ya\u015far Yayla Yasemin Taba\u011f Yavuz \u0130\u015fler Yavuz Tanyeli Yavuz T\u00fcrky\u0131lmaz Ye\u015fim T\u00fcrkeli Yi\u011fit Yaz\u0131c\u0131 Y\u0131ld\u0131z Doyran Y\u0131lmaz \u015eenol Y\u00fcksel Ayd\u0131n Yunus Emre Cevheri Yusuf Ziya Ayg\u00fcn<\/p>\n","protected":false},"author":1,"featured_media":0,"parent":23674,"menu_order":1,"comment_status":"closed","ping_status":"closed","template":"","meta":{"footnotes":""},"class_list":["post-23744","page","type-page","status-publish","hentry"],"yoast_head":"<!-- This site is optimized with the Yoast SEO plugin v27.5 - https:\/\/yoast.com\/product\/yoast-seo-wordpress\/ -->\n<title>Y - Emel - Orhan Karado\u011fan Koleksiyonu<\/title>\n<meta name=\"robots\" content=\"index, follow, max-snippet:-1, max-image-preview:large, max-video-preview:-1\" \/>\n<link rel=\"canonical\" href=\"https:\/\/art.if.com.tr\/?page_id=23744\" \/>\n<meta property=\"og:locale\" content=\"tr_TR\" \/>\n<meta property=\"og:type\" content=\"article\" \/>\n<meta property=\"og:title\" content=\"Y - Emel - Orhan Karado\u011fan Koleksiyonu\" \/>\n<meta property=\"og:description\" content=\"Yal\u00e7\u0131n Atasay Yal\u00e7\u0131n G\u00f6k\u00e7eba\u011f Yal\u0131n Karado\u011fan Ya\u015far Bedri \u00d6zdemir Ya\u015far \u00c7all\u0131 Ya\u015far Yayla Yasemin Taba\u011f Yavuz \u0130\u015fler Yavuz Tanyeli Yavuz T\u00fcrky\u0131lmaz Ye\u015fim T\u00fcrkeli Yi\u011fit Yaz\u0131c\u0131 Y\u0131ld\u0131z Doyran Y\u0131lmaz \u015eenol Y\u00fcksel Ayd\u0131n Yunus Emre Cevheri Yusuf Ziya Ayg\u00fcn\" \/>\n<meta property=\"og:url\" content=\"https:\/\/art.if.com.tr\/?page_id=23744\" \/>\n<meta property=\"og:site_name\" content=\"Emel - Orhan Karado\u011fan Koleksiyonu\" \/>\n<meta property=\"article:modified_time\" content=\"2022-09-21T15:32:56+00:00\" \/>\n<meta name=\"twitter:card\" content=\"summary_large_image\" \/>\n<script type=\"application\/ld+json\" class=\"yoast-schema-graph\">{\"@context\":\"https:\\\/\\\/schema.org\",\"@graph\":[{\"@type\":\"WebPage\",\"@id\":\"https:\\\/\\\/art.if.com.tr\\\/?page_id=23744\",\"url\":\"https:\\\/\\\/art.if.com.tr\\\/?page_id=23744\",\"name\":\"Y - Emel - Orhan Karado\u011fan Koleksiyonu\",\"isPartOf\":{\"@id\":\"https:\\\/\\\/art.if.com.tr\\\/#website\"},\"datePublished\":\"2022-08-15T11:29:55+00:00\",\"dateModified\":\"2022-09-21T15:32:56+00:00\",\"breadcrumb\":{\"@id\":\"https:\\\/\\\/art.if.com.tr\\\/?page_id=23744#breadcrumb\"},\"inLanguage\":\"tr\",\"potentialAction\":[{\"@type\":\"ReadAction\",\"target\":[\"https:\\\/\\\/art.if.com.tr\\\/?page_id=23744\"]}]},{\"@type\":\"BreadcrumbList\",\"@id\":\"https:\\\/\\\/art.if.com.tr\\\/?page_id=23744#breadcrumb\",\"itemListElement\":[{\"@type\":\"ListItem\",\"position\":1,\"name\":\"Anasayfa\",\"item\":\"https:\\\/\\\/art.if.com.tr\\\/\"},{\"@type\":\"ListItem\",\"position\":2,\"name\":\"Eserler\",\"item\":\"https:\\\/\\\/art.if.com.tr\\\/?page_id=23674\"},{\"@type\":\"ListItem\",\"position\":3,\"name\":\"Y\"}]},{\"@type\":\"WebSite\",\"@id\":\"https:\\\/\\\/art.if.com.tr\\\/#website\",\"url\":\"https:\\\/\\\/art.if.com.tr\\\/\",\"name\":\"Emel - Orhan Karado\u011fan Koleksiyonu\",\"description\":\"\",\"publisher\":{\"@id\":\"https:\\\/\\\/art.if.com.tr\\\/#organization\"},\"potentialAction\":[{\"@type\":\"SearchAction\",\"target\":{\"@type\":\"EntryPoint\",\"urlTemplate\":\"https:\\\/\\\/art.if.com.tr\\\/?s={search_term_string}\"},\"query-input\":{\"@type\":\"PropertyValueSpecification\",\"valueRequired\":true,\"valueName\":\"search_term_string\"}}],\"inLanguage\":\"tr\"},{\"@type\":\"Organization\",\"@id\":\"https:\\\/\\\/art.if.com.tr\\\/#organization\",\"name\":\"Emel - Orhan Karado\u011fan Koleksiyonu\",\"url\":\"https:\\\/\\\/art.if.com.tr\\\/\",\"logo\":{\"@type\":\"ImageObject\",\"inLanguage\":\"tr\",\"@id\":\"https:\\\/\\\/art.if.com.tr\\\/#\\\/schema\\\/logo\\\/image\\\/\",\"url\":\"https:\\\/\\\/art.if.com.tr\\\/wp-content\\\/uploads\\\/2022\\\/07\\\/150x150-iF-Art-logo-e1658997012336.png\",\"contentUrl\":\"https:\\\/\\\/art.if.com.tr\\\/wp-content\\\/uploads\\\/2022\\\/07\\\/150x150-iF-Art-logo-e1658997012336.png\",\"width\":150,\"height\":118,\"caption\":\"Emel - Orhan Karado\u011fan Koleksiyonu\"},\"image\":{\"@id\":\"https:\\\/\\\/art.if.com.tr\\\/#\\\/schema\\\/logo\\\/image\\\/\"}}]}<\/script>\n<!-- \/ Yoast SEO plugin. -->","yoast_head_json":{"title":"Y - Emel - Orhan Karado\u011fan Koleksiyonu","robots":{"index":"index","follow":"follow","max-snippet":"max-snippet:-1","max-image-preview":"max-image-preview:large","max-video-preview":"max-video-preview:-1"},"canonical":"https:\/\/art.if.com.tr\/?page_id=23744","og_locale":"tr_TR","og_type":"article","og_title":"Y - Emel - Orhan Karado\u011fan Koleksiyonu","og_description":"Yal\u00e7\u0131n Atasay Yal\u00e7\u0131n G\u00f6k\u00e7eba\u011f Yal\u0131n Karado\u011fan Ya\u015far Bedri \u00d6zdemir Ya\u015far \u00c7all\u0131 Ya\u015far Yayla Yasemin Taba\u011f Yavuz \u0130\u015fler Yavuz Tanyeli Yavuz T\u00fcrky\u0131lmaz Ye\u015fim T\u00fcrkeli Yi\u011fit Yaz\u0131c\u0131 Y\u0131ld\u0131z Doyran Y\u0131lmaz \u015eenol Y\u00fcksel Ayd\u0131n Yunus Emre Cevheri Yusuf Ziya Ayg\u00fcn","og_url":"https:\/\/art.if.com.tr\/?page_id=23744","og_site_name":"Emel - Orhan Karado\u011fan Koleksiyonu","article_modified_time":"2022-09-21T15:32:56+00:00","twitter_card":"summary_large_image","schema":{"@context":"https:\/\/schema.org","@graph":[{"@type":"WebPage","@id":"https:\/\/art.if.com.tr\/?page_id=23744","url":"https:\/\/art.if.com.tr\/?page_id=23744","name":"Y - Emel - Orhan Karado\u011fan Koleksiyonu","isPartOf":{"@id":"https:\/\/art.if.com.tr\/#website"},"datePublished":"2022-08-15T11:29:55+00:00","dateModified":"2022-09-21T15:32:56+00:00","breadcrumb":{"@id":"https:\/\/art.if.com.tr\/?page_id=23744#breadcrumb"},"inLanguage":"tr","potentialAction":[{"@type":"ReadAction","target":["https:\/\/art.if.com.tr\/?page_id=23744"]}]},{"@type":"BreadcrumbList","@id":"https:\/\/art.if.com.tr\/?page_id=23744#breadcrumb","itemListElement":[{"@type":"ListItem","position":1,"name":"Anasayfa","item":"https:\/\/art.if.com.tr\/"},{"@type":"ListItem","position":2,"name":"Eserler","item":"https:\/\/art.if.com.tr\/?page_id=23674"},{"@type":"ListItem","position":3,"name":"Y"}]},{"@type":"WebSite","@id":"https:\/\/art.if.com.tr\/#website","url":"https:\/\/art.if.com.tr\/","name":"Emel - Orhan Karado\u011fan Koleksiyonu","description":"","publisher":{"@id":"https:\/\/art.if.com.tr\/#organization"},"potentialAction":[{"@type":"SearchAction","target":{"@type":"EntryPoint","urlTemplate":"https:\/\/art.if.com.tr\/?s={search_term_string}"},"query-input":{"@type":"PropertyValueSpecification","valueRequired":true,"valueName":"search_term_string"}}],"inLanguage":"tr"},{"@type":"Organization","@id":"https:\/\/art.if.com.tr\/#organization","name":"Emel - Orhan Karado\u011fan Koleksiyonu","url":"https:\/\/art.if.com.tr\/","logo":{"@type":"ImageObject","inLanguage":"tr","@id":"https:\/\/art.if.com.tr\/#\/schema\/logo\/image\/","url":"https:\/\/art.if.com.tr\/wp-content\/uploads\/2022\/07\/150x150-iF-Art-logo-e1658997012336.png","contentUrl":"https:\/\/art.if.com.tr\/wp-content\/uploads\/2022\/07\/150x150-iF-Art-logo-e1658997012336.png","width":150,"height":118,"caption":"Emel - Orhan Karado\u011fan Koleksiyonu"},"image":{"@id":"https:\/\/art.if.com.tr\/#\/schema\/logo\/image\/"}}]}},"_links":{"self":[{"href":"https:\/\/art.if.com.tr\/index.php?rest_route=\/wp\/v2\/pages\/23744","targetHints":{"allow":["GET"]}}],"collection":[{"href":"https:\/\/art.if.com.tr\/index.php?rest_route=\/wp\/v2\/pages"}],"about":[{"href":"https:\/\/art.if.com.tr\/index.php?rest_route=\/wp\/v2\/types\/page"}],"author":[{"embeddable":true,"href":"https:\/\/art.if.com.tr\/index.php?rest_route=\/wp\/v2\/users\/1"}],"replies":[{"embeddable":true,"href":"https:\/\/art.if.com.tr\/index.php?rest_route=%2Fwp%2Fv2%2Fcomments&post=23744"}],"version-history":[{"count":2,"href":"https:\/\/art.if.com.tr\/index.php?rest_route=\/wp\/v2\/pages\/23744\/revisions"}],"predecessor-version":[{"id":23894,"href":"https:\/\/art.if.com.tr\/index.php?rest_route=\/wp\/v2\/pages\/23744\/revisions\/23894"}],"up":[{"embeddable":true,"href":"https:\/\/art.if.com.tr\/index.php?rest_route=\/wp\/v2\/pages\/23674"}],"wp:attachment":[{"href":"https:\/\/art.if.com.tr\/index.php?rest_route=%2Fwp%2Fv2%2Fmedia&parent=23744"}],"curies":[{"name":"wp","href":"https:\/\/api.w.org\/{rel}","templated":true}]}}