{"id":23723,"date":"2022-08-13T22:43:58","date_gmt":"2022-08-13T19:43:58","guid":{"rendered":"https:\/\/art.if.com.tr\/?page_id=23723"},"modified":"2022-08-13T22:43:59","modified_gmt":"2022-08-13T19:43:59","slug":"o-o","status":"publish","type":"page","link":"https:\/\/art.if.com.tr\/?page_id=23723","title":{"rendered":"O-\u00d6"},"content":{"rendered":"<div id=\"pl-gb23723-69f74f5c50bf7\"  class=\"panel-layout\" ><div id=\"pg-gb23723-69f74f5c50bf7-0\"  class=\"panel-grid panel-no-style\" ><div id=\"pgc-gb23723-69f74f5c50bf7-0-0\"  class=\"panel-grid-cell panel-grid-cell-empty\" ><\/div><div id=\"pgc-gb23723-69f74f5c50bf7-0-1\"  class=\"panel-grid-cell\" ><div id=\"panel-gb23723-69f74f5c50bf7-0-1-0\" class=\"so-panel widget widget_sow-editor panel-first-child panel-last-child\" data-index=\"0\" ><div\n\t\t\t\n\t\t\tclass=\"so-widget-sow-editor so-widget-sow-editor-base\"\n\t\t\t\n\t\t>\n<div class=\"siteorigin-widget-tinymce textwidget\">\n\t<ul class=\"children\">\n<li id=\"category-447\"><a href=\"https:\/\/art.if.com.tr\/?cat=447\">Okhovad Pour<\/a><\/li>\n<li id=\"category-448\"><a href=\"https:\/\/art.if.com.tr\/?cat=448\">Okhovad Pour Resul<\/a><\/li>\n<li id=\"category-611\"><a href=\"https:\/\/art.if.com.tr\/?cat=611\">Onay Akba\u015f<\/a><\/li>\n<li id=\"category-207\"><a href=\"https:\/\/art.if.com.tr\/?cat=207\">Oral \u00dcnl\u00fc<\/a><\/li>\n<li id=\"category-612\"><a href=\"https:\/\/art.if.com.tr\/?cat=612\">Orhan Benli<\/a><\/li>\n<li id=\"category-202\"><a href=\"https:\/\/art.if.com.tr\/?cat=202\">Orhan Cebrailo\u011flu<\/a><\/li>\n<li id=\"category-613\"><a href=\"https:\/\/art.if.com.tr\/?cat=613\">Orhan Gazi Binbo\u011fa<\/a><\/li>\n<li id=\"category-614\"><a href=\"https:\/\/art.if.com.tr\/?cat=614\">Orhan \u0130lyas<\/a><\/li>\n<li id=\"category-93\"><a href=\"https:\/\/art.if.com.tr\/?cat=93\">Orhan Taylan<\/a><\/li>\n<li id=\"category-186\"><a href=\"https:\/\/art.if.com.tr\/?cat=186\">Orhan Zafer<\/a><\/li>\n<li id=\"category-453\"><a href=\"https:\/\/art.if.com.tr\/?cat=453\">Osman Junusali Uulu<\/a><\/li>\n<li id=\"category-615\"><a href=\"https:\/\/art.if.com.tr\/?cat=615\">Osman Zeki Oral<\/a><\/li>\n<li id=\"category-617\"><a href=\"https:\/\/art.if.com.tr\/?cat=617\">\u00d6zalp Harut<\/a><\/li>\n<li id=\"category-616\"><a href=\"https:\/\/art.if.com.tr\/?cat=616\">\u00d6zdemir Altan<\/a><\/li>\n<li id=\"category-619\"><a href=\"https:\/\/art.if.com.tr\/?cat=619\">\u00d6zdemir Yemenicio\u011flu<\/a><\/li>\n<li id=\"category-389\"><a href=\"https:\/\/art.if.com.tr\/?cat=389\">\u00d6zge Boran<\/a><\/li>\n<li id=\"category-618\"><a href=\"https:\/\/art.if.com.tr\/?cat=618\">\u00d6zg\u00fcr Kulaks\u0131z<\/a><\/li>\n<li id=\"category-311\"><a href=\"https:\/\/art.if.com.tr\/?cat=311\">\u00d6zg\u00fcr Lebeo\u011flu<\/a><\/li>\n<li id=\"category-347\"><a href=\"https:\/\/art.if.com.tr\/?cat=347\">\u00d6zlem G\u00fcnsal<\/a><\/li>\n<li id=\"category-358\"><a href=\"https:\/\/art.if.com.tr\/?cat=358\">\u00d6zlem \u00dcnl\u00fc<\/a><\/li>\n<\/ul>\n<\/div>\n<\/div><\/div><\/div><\/div><\/div>","protected":false},"excerpt":{"rendered":"<p>Okhovad Pour Okhovad Pour Resul Onay Akba\u015f Oral \u00dcnl\u00fc Orhan Benli Orhan Cebrailo\u011flu Orhan Gazi Binbo\u011fa Orhan \u0130lyas Orhan Taylan Orhan Zafer Osman Junusali Uulu Osman Zeki Oral \u00d6zalp Harut \u00d6zdemir Altan \u00d6zdemir Yemenicio\u011flu \u00d6zge Boran \u00d6zg\u00fcr Kulaks\u0131z \u00d6zg\u00fcr Lebeo\u011flu \u00d6zlem G\u00fcnsal \u00d6zlem \u00dcnl\u00fc<\/p>\n","protected":false},"author":1,"featured_media":0,"parent":23674,"menu_order":1,"comment_status":"closed","ping_status":"closed","template":"","meta":{"footnotes":""},"class_list":["post-23723","page","type-page","status-publish","hentry"],"yoast_head":"<!-- This site is optimized with the Yoast SEO plugin v27.5 - https:\/\/yoast.com\/product\/yoast-seo-wordpress\/ -->\n<title>O-\u00d6 - Emel - Orhan Karado\u011fan Koleksiyonu<\/title>\n<meta name=\"robots\" content=\"index, follow, max-snippet:-1, max-image-preview:large, max-video-preview:-1\" \/>\n<link rel=\"canonical\" href=\"https:\/\/art.if.com.tr\/?page_id=23723\" \/>\n<meta property=\"og:locale\" content=\"tr_TR\" \/>\n<meta property=\"og:type\" content=\"article\" \/>\n<meta property=\"og:title\" content=\"O-\u00d6 - Emel - Orhan Karado\u011fan Koleksiyonu\" \/>\n<meta property=\"og:description\" content=\"Okhovad Pour Okhovad Pour Resul Onay Akba\u015f Oral \u00dcnl\u00fc Orhan Benli Orhan Cebrailo\u011flu Orhan Gazi Binbo\u011fa Orhan \u0130lyas Orhan Taylan Orhan Zafer Osman Junusali Uulu Osman Zeki Oral \u00d6zalp Harut \u00d6zdemir Altan \u00d6zdemir Yemenicio\u011flu \u00d6zge Boran \u00d6zg\u00fcr Kulaks\u0131z \u00d6zg\u00fcr Lebeo\u011flu \u00d6zlem G\u00fcnsal \u00d6zlem \u00dcnl\u00fc\" \/>\n<meta property=\"og:url\" content=\"https:\/\/art.if.com.tr\/?page_id=23723\" \/>\n<meta property=\"og:site_name\" content=\"Emel - Orhan Karado\u011fan Koleksiyonu\" \/>\n<meta property=\"article:modified_time\" content=\"2022-08-13T19:43:59+00:00\" \/>\n<meta name=\"twitter:card\" content=\"summary_large_image\" \/>\n<script type=\"application\/ld+json\" class=\"yoast-schema-graph\">{\"@context\":\"https:\\\/\\\/schema.org\",\"@graph\":[{\"@type\":\"WebPage\",\"@id\":\"https:\\\/\\\/art.if.com.tr\\\/?page_id=23723\",\"url\":\"https:\\\/\\\/art.if.com.tr\\\/?page_id=23723\",\"name\":\"O-\u00d6 - Emel - Orhan Karado\u011fan Koleksiyonu\",\"isPartOf\":{\"@id\":\"https:\\\/\\\/art.if.com.tr\\\/#website\"},\"datePublished\":\"2022-08-13T19:43:58+00:00\",\"dateModified\":\"2022-08-13T19:43:59+00:00\",\"breadcrumb\":{\"@id\":\"https:\\\/\\\/art.if.com.tr\\\/?page_id=23723#breadcrumb\"},\"inLanguage\":\"tr\",\"potentialAction\":[{\"@type\":\"ReadAction\",\"target\":[\"https:\\\/\\\/art.if.com.tr\\\/?page_id=23723\"]}]},{\"@type\":\"BreadcrumbList\",\"@id\":\"https:\\\/\\\/art.if.com.tr\\\/?page_id=23723#breadcrumb\",\"itemListElement\":[{\"@type\":\"ListItem\",\"position\":1,\"name\":\"Anasayfa\",\"item\":\"https:\\\/\\\/art.if.com.tr\\\/\"},{\"@type\":\"ListItem\",\"position\":2,\"name\":\"Eserler\",\"item\":\"https:\\\/\\\/art.if.com.tr\\\/?page_id=23674\"},{\"@type\":\"ListItem\",\"position\":3,\"name\":\"O-\u00d6\"}]},{\"@type\":\"WebSite\",\"@id\":\"https:\\\/\\\/art.if.com.tr\\\/#website\",\"url\":\"https:\\\/\\\/art.if.com.tr\\\/\",\"name\":\"Emel - Orhan Karado\u011fan Koleksiyonu\",\"description\":\"\",\"publisher\":{\"@id\":\"https:\\\/\\\/art.if.com.tr\\\/#organization\"},\"potentialAction\":[{\"@type\":\"SearchAction\",\"target\":{\"@type\":\"EntryPoint\",\"urlTemplate\":\"https:\\\/\\\/art.if.com.tr\\\/?s={search_term_string}\"},\"query-input\":{\"@type\":\"PropertyValueSpecification\",\"valueRequired\":true,\"valueName\":\"search_term_string\"}}],\"inLanguage\":\"tr\"},{\"@type\":\"Organization\",\"@id\":\"https:\\\/\\\/art.if.com.tr\\\/#organization\",\"name\":\"Emel - Orhan Karado\u011fan Koleksiyonu\",\"url\":\"https:\\\/\\\/art.if.com.tr\\\/\",\"logo\":{\"@type\":\"ImageObject\",\"inLanguage\":\"tr\",\"@id\":\"https:\\\/\\\/art.if.com.tr\\\/#\\\/schema\\\/logo\\\/image\\\/\",\"url\":\"https:\\\/\\\/art.if.com.tr\\\/wp-content\\\/uploads\\\/2022\\\/07\\\/150x150-iF-Art-logo-e1658997012336.png\",\"contentUrl\":\"https:\\\/\\\/art.if.com.tr\\\/wp-content\\\/uploads\\\/2022\\\/07\\\/150x150-iF-Art-logo-e1658997012336.png\",\"width\":150,\"height\":118,\"caption\":\"Emel - Orhan Karado\u011fan Koleksiyonu\"},\"image\":{\"@id\":\"https:\\\/\\\/art.if.com.tr\\\/#\\\/schema\\\/logo\\\/image\\\/\"}}]}<\/script>\n<!-- \/ Yoast SEO plugin. -->","yoast_head_json":{"title":"O-\u00d6 - Emel - Orhan Karado\u011fan Koleksiyonu","robots":{"index":"index","follow":"follow","max-snippet":"max-snippet:-1","max-image-preview":"max-image-preview:large","max-video-preview":"max-video-preview:-1"},"canonical":"https:\/\/art.if.com.tr\/?page_id=23723","og_locale":"tr_TR","og_type":"article","og_title":"O-\u00d6 - Emel - Orhan Karado\u011fan Koleksiyonu","og_description":"Okhovad Pour Okhovad Pour Resul Onay Akba\u015f Oral \u00dcnl\u00fc Orhan Benli Orhan Cebrailo\u011flu Orhan Gazi Binbo\u011fa Orhan \u0130lyas Orhan Taylan Orhan Zafer Osman Junusali Uulu Osman Zeki Oral \u00d6zalp Harut \u00d6zdemir Altan \u00d6zdemir Yemenicio\u011flu \u00d6zge Boran \u00d6zg\u00fcr Kulaks\u0131z \u00d6zg\u00fcr Lebeo\u011flu \u00d6zlem G\u00fcnsal \u00d6zlem \u00dcnl\u00fc","og_url":"https:\/\/art.if.com.tr\/?page_id=23723","og_site_name":"Emel - Orhan Karado\u011fan Koleksiyonu","article_modified_time":"2022-08-13T19:43:59+00:00","twitter_card":"summary_large_image","schema":{"@context":"https:\/\/schema.org","@graph":[{"@type":"WebPage","@id":"https:\/\/art.if.com.tr\/?page_id=23723","url":"https:\/\/art.if.com.tr\/?page_id=23723","name":"O-\u00d6 - Emel - Orhan Karado\u011fan Koleksiyonu","isPartOf":{"@id":"https:\/\/art.if.com.tr\/#website"},"datePublished":"2022-08-13T19:43:58+00:00","dateModified":"2022-08-13T19:43:59+00:00","breadcrumb":{"@id":"https:\/\/art.if.com.tr\/?page_id=23723#breadcrumb"},"inLanguage":"tr","potentialAction":[{"@type":"ReadAction","target":["https:\/\/art.if.com.tr\/?page_id=23723"]}]},{"@type":"BreadcrumbList","@id":"https:\/\/art.if.com.tr\/?page_id=23723#breadcrumb","itemListElement":[{"@type":"ListItem","position":1,"name":"Anasayfa","item":"https:\/\/art.if.com.tr\/"},{"@type":"ListItem","position":2,"name":"Eserler","item":"https:\/\/art.if.com.tr\/?page_id=23674"},{"@type":"ListItem","position":3,"name":"O-\u00d6"}]},{"@type":"WebSite","@id":"https:\/\/art.if.com.tr\/#website","url":"https:\/\/art.if.com.tr\/","name":"Emel - Orhan Karado\u011fan Koleksiyonu","description":"","publisher":{"@id":"https:\/\/art.if.com.tr\/#organization"},"potentialAction":[{"@type":"SearchAction","target":{"@type":"EntryPoint","urlTemplate":"https:\/\/art.if.com.tr\/?s={search_term_string}"},"query-input":{"@type":"PropertyValueSpecification","valueRequired":true,"valueName":"search_term_string"}}],"inLanguage":"tr"},{"@type":"Organization","@id":"https:\/\/art.if.com.tr\/#organization","name":"Emel - Orhan Karado\u011fan Koleksiyonu","url":"https:\/\/art.if.com.tr\/","logo":{"@type":"ImageObject","inLanguage":"tr","@id":"https:\/\/art.if.com.tr\/#\/schema\/logo\/image\/","url":"https:\/\/art.if.com.tr\/wp-content\/uploads\/2022\/07\/150x150-iF-Art-logo-e1658997012336.png","contentUrl":"https:\/\/art.if.com.tr\/wp-content\/uploads\/2022\/07\/150x150-iF-Art-logo-e1658997012336.png","width":150,"height":118,"caption":"Emel - Orhan Karado\u011fan Koleksiyonu"},"image":{"@id":"https:\/\/art.if.com.tr\/#\/schema\/logo\/image\/"}}]}},"_links":{"self":[{"href":"https:\/\/art.if.com.tr\/index.php?rest_route=\/wp\/v2\/pages\/23723","targetHints":{"allow":["GET"]}}],"collection":[{"href":"https:\/\/art.if.com.tr\/index.php?rest_route=\/wp\/v2\/pages"}],"about":[{"href":"https:\/\/art.if.com.tr\/index.php?rest_route=\/wp\/v2\/types\/page"}],"author":[{"embeddable":true,"href":"https:\/\/art.if.com.tr\/index.php?rest_route=\/wp\/v2\/users\/1"}],"replies":[{"embeddable":true,"href":"https:\/\/art.if.com.tr\/index.php?rest_route=%2Fwp%2Fv2%2Fcomments&post=23723"}],"version-history":[{"count":2,"href":"https:\/\/art.if.com.tr\/index.php?rest_route=\/wp\/v2\/pages\/23723\/revisions"}],"predecessor-version":[{"id":23725,"href":"https:\/\/art.if.com.tr\/index.php?rest_route=\/wp\/v2\/pages\/23723\/revisions\/23725"}],"up":[{"embeddable":true,"href":"https:\/\/art.if.com.tr\/index.php?rest_route=\/wp\/v2\/pages\/23674"}],"wp:attachment":[{"href":"https:\/\/art.if.com.tr\/index.php?rest_route=%2Fwp%2Fv2%2Fmedia&parent=23723"}],"curies":[{"name":"wp","href":"https:\/\/api.w.org\/{rel}","templated":true}]}}