{"id":23720,"date":"2022-08-13T22:07:23","date_gmt":"2022-08-13T19:07:23","guid":{"rendered":"https:\/\/art.if.com.tr\/?page_id=23720"},"modified":"2023-08-28T12:49:50","modified_gmt":"2023-08-28T09:49:50","slug":"n","status":"publish","type":"page","link":"https:\/\/art.if.com.tr\/?page_id=23720","title":{"rendered":"N"},"content":{"rendered":"<div id=\"pl-gb23720-69f74f5f2e436\"  class=\"panel-layout\" ><div id=\"pg-gb23720-69f74f5f2e436-0\"  class=\"panel-grid panel-no-style\" ><div id=\"pgc-gb23720-69f74f5f2e436-0-0\"  class=\"panel-grid-cell panel-grid-cell-empty\" ><\/div><div id=\"pgc-gb23720-69f74f5f2e436-0-1\"  class=\"panel-grid-cell\" ><div id=\"panel-gb23720-69f74f5f2e436-0-1-0\" class=\"so-panel widget widget_sow-editor panel-first-child panel-last-child\" data-index=\"0\" ><div\n\t\t\t\n\t\t\tclass=\"so-widget-sow-editor so-widget-sow-editor-base\"\n\t\t\t\n\t\t>\n<div class=\"siteorigin-widget-tinymce textwidget\">\n\t<ul class=\"children\">\n<li id=\"category-446\"><a href=\"https:\/\/art.if.com.tr\/?cat=446\">Nabati<\/a><\/li>\n<li id=\"category-372\"><a href=\"https:\/\/art.if.com.tr\/?cat=372\">Nagehan \u00dcnl\u00fc<\/a><\/li>\n<li id=\"category-388\"><a href=\"https:\/\/art.if.com.tr\/?cat=388\">Nalan \u015eule \u00d6zbay\u0131r<\/a><\/li>\n<li id=\"category-264\"><a href=\"https:\/\/art.if.com.tr\/?cat=264\">Nam\u0131k Birlik<\/a><\/li>\n<li id=\"category-290\"><a href=\"https:\/\/art.if.com.tr\/?cat=290\">Naz Peri \u0130rem Kurt<\/a><\/li>\n<li id=\"category-184\"><a href=\"https:\/\/art.if.com.tr\/?cat=184\">Necati Seydi Feraho\u011flu<\/a><\/li>\n<li id=\"category-598\"><a href=\"https:\/\/art.if.com.tr\/?cat=598\">Necdet Kalay<\/a><\/li>\n<li id=\"category-597\"><a href=\"https:\/\/art.if.com.tr\/?cat=597\">Nedim G\u00fcnsur<\/a><\/li>\n<li id=\"category-595\"><a href=\"https:\/\/art.if.com.tr\/?cat=595\">Nedret Ya\u015far<\/a><\/li>\n<li id=\"category-602\"><a href=\"https:\/\/art.if.com.tr\/?cat=602\">Nejad Melih Devrim<\/a><\/li>\n<li id=\"category-599\"><a href=\"https:\/\/art.if.com.tr\/?cat=599\">Neriman Oyman<\/a><\/li>\n<li id=\"category-305\"><a href=\"https:\/\/art.if.com.tr\/?cat=305\">Nerminnur Ayd\u0131n<\/a><\/li>\n<li id=\"category-335\"><a href=\"https:\/\/art.if.com.tr\/?cat=335\">Ne\u015fe Erdok<\/a><\/li>\n<li id=\"category-345\"><a href=\"https:\/\/art.if.com.tr\/?cat=345\">Nesli T\u00fcrk<\/a><\/li>\n<li id=\"category-219\"><a href=\"https:\/\/art.if.com.tr\/?cat=219\">Neslihan Say\u0131l<\/a><\/li>\n<li id=\"category-159\"><a href=\"https:\/\/art.if.com.tr\/?cat=159\">Nesrin Balkan<\/a><\/li>\n<li id=\"category-596\"><a href=\"https:\/\/art.if.com.tr\/?cat=596\">Nesrin Balkan \u00d6\u011frencileri<\/a><\/li>\n<li id=\"category-313\"><a href=\"https:\/\/art.if.com.tr\/?cat=313\">Nesrin Sa\u011flam<\/a><\/li>\n<li id=\"category-348\"><a href=\"https:\/\/art.if.com.tr\/?cat=348\">Nevin \u00c7okay<\/a><\/li>\n<li id=\"category-610\"><a href=\"https:\/\/art.if.com.tr\/?cat=610\">Nevin Salman<\/a><\/li>\n<li id=\"category-601\"><a href=\"https:\/\/art.if.com.tr\/?cat=601\">Nihat F\u0131nd\u0131kl\u0131<\/a><\/li>\n<li id=\"category-279\"><a href=\"https:\/\/art.if.com.tr\/?cat=279\">Nihat \u00d6zcan<\/a><\/li>\n<li id=\"category-600\"><a href=\"https:\/\/art.if.com.tr\/?cat=600\">Nihat Taylan<\/a><\/li>\n<li id=\"category-662\"><a href=\"https:\/\/art.if.com.tr\/?cat=662\">Nisanur \u0130nan<\/a><\/li>\n<li id=\"category-609\"><a href=\"https:\/\/art.if.com.tr\/?cat=609\">Nuran Tanverdi<\/a><\/li>\n<li id=\"category-604\"><a href=\"https:\/\/art.if.com.tr\/?cat=604\">Nurcan Akar<\/a><\/li>\n<li id=\"category-397\"><a href=\"https:\/\/art.if.com.tr\/?cat=397\">Nurcan Perdah\u00e7\u0131<\/a><\/li>\n<li><a href=\"https:\/\/art.if.com.tr\/?cat=837\">Nurcan Sert<\/a><\/li>\n<li id=\"category-280\"><a href=\"https:\/\/art.if.com.tr\/?cat=280\">Nurdan \u00d6zdemir<\/a><\/li>\n<li id=\"category-322\"><a href=\"https:\/\/art.if.com.tr\/?cat=322\">Nurg\u00fcl Feraho\u011flu<\/a><\/li>\n<li id=\"category-605\"><a href=\"https:\/\/art.if.com.tr\/?cat=605\">Nurhayat Altuncuo\u011flu<\/a><\/li>\n<li id=\"category-603\"><a href=\"https:\/\/art.if.com.tr\/?cat=603\">Nuri Aba\u00e7<\/a><\/li>\n<li id=\"category-607\"><a href=\"https:\/\/art.if.com.tr\/?cat=607\">Nuri \u0130yem<\/a><\/li>\n<li id=\"category-373\"><a href=\"https:\/\/art.if.com.tr\/?cat=373\">Nursun Haf\u0131zo\u011flu<\/a><\/li>\n<li id=\"category-608\"><a href=\"https:\/\/art.if.com.tr\/?cat=608\">Nurten S\u00f6zeri<\/a><\/li>\n<li id=\"category-606\"><a href=\"https:\/\/art.if.com.tr\/?cat=606\">N\u00fcshet \u0130slimyeli<\/a><\/li>\n<\/ul>\n<\/div>\n<\/div><\/div><\/div><\/div><\/div>","protected":false},"excerpt":{"rendered":"<p>Nabati Nagehan \u00dcnl\u00fc Nalan \u015eule \u00d6zbay\u0131r Nam\u0131k Birlik Naz Peri \u0130rem Kurt Necati Seydi Feraho\u011flu Necdet Kalay Nedim G\u00fcnsur Nedret Ya\u015far Nejad Melih Devrim Neriman Oyman Nerminnur Ayd\u0131n Ne\u015fe Erdok Nesli T\u00fcrk Neslihan Say\u0131l Nesrin Balkan Nesrin Balkan \u00d6\u011frencileri Nesrin Sa\u011flam Nevin \u00c7okay Nevin Salman Nihat F\u0131nd\u0131kl\u0131 Nihat \u00d6zcan Nihat Taylan Nisanur \u0130nan Nuran Tanverdi &hellip; <\/p>\n","protected":false},"author":1,"featured_media":0,"parent":23674,"menu_order":1,"comment_status":"closed","ping_status":"closed","template":"","meta":{"footnotes":""},"class_list":["post-23720","page","type-page","status-publish","hentry"],"yoast_head":"<!-- This site is optimized with the Yoast SEO plugin v27.5 - https:\/\/yoast.com\/product\/yoast-seo-wordpress\/ -->\n<title>N - Emel - Orhan Karado\u011fan Koleksiyonu<\/title>\n<meta name=\"robots\" content=\"index, follow, max-snippet:-1, max-image-preview:large, max-video-preview:-1\" \/>\n<link rel=\"canonical\" href=\"https:\/\/art.if.com.tr\/?page_id=23720\" \/>\n<meta property=\"og:locale\" content=\"tr_TR\" \/>\n<meta property=\"og:type\" content=\"article\" \/>\n<meta property=\"og:title\" content=\"N - Emel - Orhan Karado\u011fan Koleksiyonu\" \/>\n<meta property=\"og:description\" content=\"Nabati Nagehan \u00dcnl\u00fc Nalan \u015eule \u00d6zbay\u0131r Nam\u0131k Birlik Naz Peri \u0130rem Kurt Necati Seydi Feraho\u011flu Necdet Kalay Nedim G\u00fcnsur Nedret Ya\u015far Nejad Melih Devrim Neriman Oyman Nerminnur Ayd\u0131n Ne\u015fe Erdok Nesli T\u00fcrk Neslihan Say\u0131l Nesrin Balkan Nesrin Balkan \u00d6\u011frencileri Nesrin Sa\u011flam Nevin \u00c7okay Nevin Salman Nihat F\u0131nd\u0131kl\u0131 Nihat \u00d6zcan Nihat Taylan Nisanur \u0130nan Nuran Tanverdi &hellip;\" \/>\n<meta property=\"og:url\" content=\"https:\/\/art.if.com.tr\/?page_id=23720\" \/>\n<meta property=\"og:site_name\" content=\"Emel - Orhan Karado\u011fan Koleksiyonu\" \/>\n<meta property=\"article:modified_time\" content=\"2023-08-28T09:49:50+00:00\" \/>\n<meta name=\"twitter:card\" content=\"summary_large_image\" \/>\n<script type=\"application\/ld+json\" class=\"yoast-schema-graph\">{\"@context\":\"https:\\\/\\\/schema.org\",\"@graph\":[{\"@type\":\"WebPage\",\"@id\":\"https:\\\/\\\/art.if.com.tr\\\/?page_id=23720\",\"url\":\"https:\\\/\\\/art.if.com.tr\\\/?page_id=23720\",\"name\":\"N - Emel - Orhan Karado\u011fan Koleksiyonu\",\"isPartOf\":{\"@id\":\"https:\\\/\\\/art.if.com.tr\\\/#website\"},\"datePublished\":\"2022-08-13T19:07:23+00:00\",\"dateModified\":\"2023-08-28T09:49:50+00:00\",\"breadcrumb\":{\"@id\":\"https:\\\/\\\/art.if.com.tr\\\/?page_id=23720#breadcrumb\"},\"inLanguage\":\"tr\",\"potentialAction\":[{\"@type\":\"ReadAction\",\"target\":[\"https:\\\/\\\/art.if.com.tr\\\/?page_id=23720\"]}]},{\"@type\":\"BreadcrumbList\",\"@id\":\"https:\\\/\\\/art.if.com.tr\\\/?page_id=23720#breadcrumb\",\"itemListElement\":[{\"@type\":\"ListItem\",\"position\":1,\"name\":\"Anasayfa\",\"item\":\"https:\\\/\\\/art.if.com.tr\\\/\"},{\"@type\":\"ListItem\",\"position\":2,\"name\":\"Eserler\",\"item\":\"https:\\\/\\\/art.if.com.tr\\\/?page_id=23674\"},{\"@type\":\"ListItem\",\"position\":3,\"name\":\"N\"}]},{\"@type\":\"WebSite\",\"@id\":\"https:\\\/\\\/art.if.com.tr\\\/#website\",\"url\":\"https:\\\/\\\/art.if.com.tr\\\/\",\"name\":\"Emel - Orhan Karado\u011fan Koleksiyonu\",\"description\":\"\",\"publisher\":{\"@id\":\"https:\\\/\\\/art.if.com.tr\\\/#organization\"},\"potentialAction\":[{\"@type\":\"SearchAction\",\"target\":{\"@type\":\"EntryPoint\",\"urlTemplate\":\"https:\\\/\\\/art.if.com.tr\\\/?s={search_term_string}\"},\"query-input\":{\"@type\":\"PropertyValueSpecification\",\"valueRequired\":true,\"valueName\":\"search_term_string\"}}],\"inLanguage\":\"tr\"},{\"@type\":\"Organization\",\"@id\":\"https:\\\/\\\/art.if.com.tr\\\/#organization\",\"name\":\"Emel - Orhan Karado\u011fan Koleksiyonu\",\"url\":\"https:\\\/\\\/art.if.com.tr\\\/\",\"logo\":{\"@type\":\"ImageObject\",\"inLanguage\":\"tr\",\"@id\":\"https:\\\/\\\/art.if.com.tr\\\/#\\\/schema\\\/logo\\\/image\\\/\",\"url\":\"https:\\\/\\\/art.if.com.tr\\\/wp-content\\\/uploads\\\/2022\\\/07\\\/150x150-iF-Art-logo-e1658997012336.png\",\"contentUrl\":\"https:\\\/\\\/art.if.com.tr\\\/wp-content\\\/uploads\\\/2022\\\/07\\\/150x150-iF-Art-logo-e1658997012336.png\",\"width\":150,\"height\":118,\"caption\":\"Emel - Orhan Karado\u011fan Koleksiyonu\"},\"image\":{\"@id\":\"https:\\\/\\\/art.if.com.tr\\\/#\\\/schema\\\/logo\\\/image\\\/\"}}]}<\/script>\n<!-- \/ Yoast SEO plugin. -->","yoast_head_json":{"title":"N - Emel - Orhan Karado\u011fan Koleksiyonu","robots":{"index":"index","follow":"follow","max-snippet":"max-snippet:-1","max-image-preview":"max-image-preview:large","max-video-preview":"max-video-preview:-1"},"canonical":"https:\/\/art.if.com.tr\/?page_id=23720","og_locale":"tr_TR","og_type":"article","og_title":"N - Emel - Orhan Karado\u011fan Koleksiyonu","og_description":"Nabati Nagehan \u00dcnl\u00fc Nalan \u015eule \u00d6zbay\u0131r Nam\u0131k Birlik Naz Peri \u0130rem Kurt Necati Seydi Feraho\u011flu Necdet Kalay Nedim G\u00fcnsur Nedret Ya\u015far Nejad Melih Devrim Neriman Oyman Nerminnur Ayd\u0131n Ne\u015fe Erdok Nesli T\u00fcrk Neslihan Say\u0131l Nesrin Balkan Nesrin Balkan \u00d6\u011frencileri Nesrin Sa\u011flam Nevin \u00c7okay Nevin Salman Nihat F\u0131nd\u0131kl\u0131 Nihat \u00d6zcan Nihat Taylan Nisanur \u0130nan Nuran Tanverdi &hellip;","og_url":"https:\/\/art.if.com.tr\/?page_id=23720","og_site_name":"Emel - Orhan Karado\u011fan Koleksiyonu","article_modified_time":"2023-08-28T09:49:50+00:00","twitter_card":"summary_large_image","schema":{"@context":"https:\/\/schema.org","@graph":[{"@type":"WebPage","@id":"https:\/\/art.if.com.tr\/?page_id=23720","url":"https:\/\/art.if.com.tr\/?page_id=23720","name":"N - Emel - Orhan Karado\u011fan Koleksiyonu","isPartOf":{"@id":"https:\/\/art.if.com.tr\/#website"},"datePublished":"2022-08-13T19:07:23+00:00","dateModified":"2023-08-28T09:49:50+00:00","breadcrumb":{"@id":"https:\/\/art.if.com.tr\/?page_id=23720#breadcrumb"},"inLanguage":"tr","potentialAction":[{"@type":"ReadAction","target":["https:\/\/art.if.com.tr\/?page_id=23720"]}]},{"@type":"BreadcrumbList","@id":"https:\/\/art.if.com.tr\/?page_id=23720#breadcrumb","itemListElement":[{"@type":"ListItem","position":1,"name":"Anasayfa","item":"https:\/\/art.if.com.tr\/"},{"@type":"ListItem","position":2,"name":"Eserler","item":"https:\/\/art.if.com.tr\/?page_id=23674"},{"@type":"ListItem","position":3,"name":"N"}]},{"@type":"WebSite","@id":"https:\/\/art.if.com.tr\/#website","url":"https:\/\/art.if.com.tr\/","name":"Emel - Orhan Karado\u011fan Koleksiyonu","description":"","publisher":{"@id":"https:\/\/art.if.com.tr\/#organization"},"potentialAction":[{"@type":"SearchAction","target":{"@type":"EntryPoint","urlTemplate":"https:\/\/art.if.com.tr\/?s={search_term_string}"},"query-input":{"@type":"PropertyValueSpecification","valueRequired":true,"valueName":"search_term_string"}}],"inLanguage":"tr"},{"@type":"Organization","@id":"https:\/\/art.if.com.tr\/#organization","name":"Emel - Orhan Karado\u011fan Koleksiyonu","url":"https:\/\/art.if.com.tr\/","logo":{"@type":"ImageObject","inLanguage":"tr","@id":"https:\/\/art.if.com.tr\/#\/schema\/logo\/image\/","url":"https:\/\/art.if.com.tr\/wp-content\/uploads\/2022\/07\/150x150-iF-Art-logo-e1658997012336.png","contentUrl":"https:\/\/art.if.com.tr\/wp-content\/uploads\/2022\/07\/150x150-iF-Art-logo-e1658997012336.png","width":150,"height":118,"caption":"Emel - Orhan Karado\u011fan Koleksiyonu"},"image":{"@id":"https:\/\/art.if.com.tr\/#\/schema\/logo\/image\/"}}]}},"_links":{"self":[{"href":"https:\/\/art.if.com.tr\/index.php?rest_route=\/wp\/v2\/pages\/23720","targetHints":{"allow":["GET"]}}],"collection":[{"href":"https:\/\/art.if.com.tr\/index.php?rest_route=\/wp\/v2\/pages"}],"about":[{"href":"https:\/\/art.if.com.tr\/index.php?rest_route=\/wp\/v2\/types\/page"}],"author":[{"embeddable":true,"href":"https:\/\/art.if.com.tr\/index.php?rest_route=\/wp\/v2\/users\/1"}],"replies":[{"embeddable":true,"href":"https:\/\/art.if.com.tr\/index.php?rest_route=%2Fwp%2Fv2%2Fcomments&post=23720"}],"version-history":[{"count":3,"href":"https:\/\/art.if.com.tr\/index.php?rest_route=\/wp\/v2\/pages\/23720\/revisions"}],"predecessor-version":[{"id":24698,"href":"https:\/\/art.if.com.tr\/index.php?rest_route=\/wp\/v2\/pages\/23720\/revisions\/24698"}],"up":[{"embeddable":true,"href":"https:\/\/art.if.com.tr\/index.php?rest_route=\/wp\/v2\/pages\/23674"}],"wp:attachment":[{"href":"https:\/\/art.if.com.tr\/index.php?rest_route=%2Fwp%2Fv2%2Fmedia&parent=23720"}],"curies":[{"name":"wp","href":"https:\/\/api.w.org\/{rel}","templated":true}]}}