{"id":23703,"date":"2022-08-11T14:56:13","date_gmt":"2022-08-11T11:56:13","guid":{"rendered":"https:\/\/art.if.com.tr\/?page_id=23703"},"modified":"2022-08-11T14:56:13","modified_gmt":"2022-08-11T11:56:13","slug":"g","status":"publish","type":"page","link":"https:\/\/art.if.com.tr\/?page_id=23703","title":{"rendered":"G"},"content":{"rendered":"<div id=\"pl-gb23703-69f74f6b04b7c\"  class=\"panel-layout\" ><div id=\"pg-gb23703-69f74f6b04b7c-0\"  class=\"panel-grid panel-no-style\" ><div id=\"pgc-gb23703-69f74f6b04b7c-0-0\"  class=\"panel-grid-cell panel-grid-cell-empty\" ><\/div><div id=\"pgc-gb23703-69f74f6b04b7c-0-1\"  class=\"panel-grid-cell\" ><div id=\"panel-gb23703-69f74f6b04b7c-0-1-0\" class=\"so-panel widget widget_sow-editor panel-first-child panel-last-child\" data-index=\"0\" ><div\n\t\t\t\n\t\t\tclass=\"so-widget-sow-editor so-widget-sow-editor-base\"\n\t\t\t\n\t\t>\n<div class=\"siteorigin-widget-tinymce textwidget\">\n\t<ul class=\"children\">\n<li id=\"category-468\"><a href=\"https:\/\/art.if.com.tr\/?cat=468\">Gastor<\/a><\/li>\n<li id=\"category-62\"><a href=\"https:\/\/art.if.com.tr\/?cat=62\">Gazi \u015eansoy<\/a><\/li>\n<li id=\"category-530\"><a href=\"https:\/\/art.if.com.tr\/?cat=530\">Gence Cengiz<\/a><\/li>\n<li id=\"category-531\"><a href=\"https:\/\/art.if.com.tr\/?cat=531\">Gizem \u00d6zemre<\/a><\/li>\n<li id=\"category-532\"><a href=\"https:\/\/art.if.com.tr\/?cat=532\">G\u00f6k\u00e7e S\u00f6zen<\/a><\/li>\n<li id=\"category-338\"><a href=\"https:\/\/art.if.com.tr\/?cat=338\">G\u00fcl Demirda\u011f<\/a><\/li>\n<li id=\"category-534\"><a href=\"https:\/\/art.if.com.tr\/?cat=534\">G\u00fclay Berryman<\/a><\/li>\n<li id=\"category-410\"><a href=\"https:\/\/art.if.com.tr\/?cat=410\">G\u00fclay Karaku\u015f<\/a><\/li>\n<li id=\"category-208\"><a href=\"https:\/\/art.if.com.tr\/?cat=208\">G\u00fclay Nalc\u0131<\/a><\/li>\n<li id=\"category-296\"><a href=\"https:\/\/art.if.com.tr\/?cat=296\">G\u00fclcan Keskin<\/a><\/li>\n<li id=\"category-230\"><a href=\"https:\/\/art.if.com.tr\/?cat=230\">G\u00fcl\u00e7in Elyorgun<\/a><\/li>\n<li id=\"category-533\"><a href=\"https:\/\/art.if.com.tr\/?cat=533\">G\u00fcler Aras<\/a><\/li>\n<li id=\"category-260\"><a href=\"https:\/\/art.if.com.tr\/?cat=260\">G\u00fcler A\u015f\u0131k<\/a><\/li>\n<li id=\"category-150\"><a href=\"https:\/\/art.if.com.tr\/?cat=150\">G\u00fcler G\u00f6k<\/a><\/li>\n<li id=\"category-206\"><a href=\"https:\/\/art.if.com.tr\/?cat=206\">G\u00fcler Y\u0131ld\u0131z<\/a><\/li>\n<li id=\"category-64\"><a href=\"https:\/\/art.if.com.tr\/?cat=64\">G\u00fclistan Karag\u00fczel<\/a><\/li>\n<li id=\"category-386\"><a href=\"https:\/\/art.if.com.tr\/?cat=386\">G\u00fcll\u00fc Esen G\u00f6z\u00fctok<\/a><\/li>\n<li id=\"category-536\"><a href=\"https:\/\/art.if.com.tr\/?cat=536\">G\u00fclseren S\u00f6nmez<\/a><\/li>\n<li id=\"category-356\"><a href=\"https:\/\/art.if.com.tr\/?cat=356\">G\u00fcls\u00fcn Y\u0131lmaz<\/a><\/li>\n<li id=\"category-357\"><a href=\"https:\/\/art.if.com.tr\/?cat=357\">G\u00fcltekin \u00c7izgen<\/a><\/li>\n<li id=\"category-535\"><a href=\"https:\/\/art.if.com.tr\/?cat=535\">G\u00fcltekin Serbest<\/a><\/li>\n<li id=\"category-65\"><a href=\"https:\/\/art.if.com.tr\/?cat=65\">G\u00fcne\u015f \u00d6zmen<\/a><\/li>\n<li id=\"category-334\"><a href=\"https:\/\/art.if.com.tr\/?cat=334\">G\u00fcnsu Sara\u00e7o\u011flu<\/a><\/li>\n<li id=\"category-297\"><a href=\"https:\/\/art.if.com.tr\/?cat=297\">G\u00fczin Dilara K\u0131l\u0131\u00e7<\/a><\/li>\n<\/ul>\n<\/div>\n<\/div><\/div><\/div><\/div><\/div>","protected":false},"excerpt":{"rendered":"<p>Gastor Gazi \u015eansoy Gence Cengiz Gizem \u00d6zemre G\u00f6k\u00e7e S\u00f6zen G\u00fcl Demirda\u011f G\u00fclay Berryman G\u00fclay Karaku\u015f G\u00fclay Nalc\u0131 G\u00fclcan Keskin G\u00fcl\u00e7in Elyorgun G\u00fcler Aras G\u00fcler A\u015f\u0131k G\u00fcler G\u00f6k G\u00fcler Y\u0131ld\u0131z G\u00fclistan Karag\u00fczel G\u00fcll\u00fc Esen G\u00f6z\u00fctok G\u00fclseren S\u00f6nmez G\u00fcls\u00fcn Y\u0131lmaz G\u00fcltekin \u00c7izgen G\u00fcltekin Serbest G\u00fcne\u015f \u00d6zmen G\u00fcnsu Sara\u00e7o\u011flu G\u00fczin Dilara K\u0131l\u0131\u00e7<\/p>\n","protected":false},"author":1,"featured_media":0,"parent":23674,"menu_order":1,"comment_status":"closed","ping_status":"closed","template":"","meta":{"footnotes":""},"class_list":["post-23703","page","type-page","status-publish","hentry"],"yoast_head":"<!-- This site is optimized with the Yoast SEO plugin v27.5 - https:\/\/yoast.com\/product\/yoast-seo-wordpress\/ -->\n<title>G - Emel - Orhan Karado\u011fan Koleksiyonu<\/title>\n<meta name=\"robots\" content=\"index, follow, max-snippet:-1, max-image-preview:large, max-video-preview:-1\" \/>\n<link rel=\"canonical\" href=\"https:\/\/art.if.com.tr\/?page_id=23703\" \/>\n<meta property=\"og:locale\" content=\"tr_TR\" \/>\n<meta property=\"og:type\" content=\"article\" \/>\n<meta property=\"og:title\" content=\"G - Emel - Orhan Karado\u011fan Koleksiyonu\" \/>\n<meta property=\"og:description\" content=\"Gastor Gazi \u015eansoy Gence Cengiz Gizem \u00d6zemre G\u00f6k\u00e7e S\u00f6zen G\u00fcl Demirda\u011f G\u00fclay Berryman G\u00fclay Karaku\u015f G\u00fclay Nalc\u0131 G\u00fclcan Keskin G\u00fcl\u00e7in Elyorgun G\u00fcler Aras G\u00fcler A\u015f\u0131k G\u00fcler G\u00f6k G\u00fcler Y\u0131ld\u0131z G\u00fclistan Karag\u00fczel G\u00fcll\u00fc Esen G\u00f6z\u00fctok G\u00fclseren S\u00f6nmez G\u00fcls\u00fcn Y\u0131lmaz G\u00fcltekin \u00c7izgen G\u00fcltekin Serbest G\u00fcne\u015f \u00d6zmen G\u00fcnsu Sara\u00e7o\u011flu G\u00fczin Dilara K\u0131l\u0131\u00e7\" \/>\n<meta property=\"og:url\" content=\"https:\/\/art.if.com.tr\/?page_id=23703\" \/>\n<meta property=\"og:site_name\" content=\"Emel - Orhan Karado\u011fan Koleksiyonu\" \/>\n<meta name=\"twitter:card\" content=\"summary_large_image\" \/>\n<script type=\"application\/ld+json\" class=\"yoast-schema-graph\">{\"@context\":\"https:\\\/\\\/schema.org\",\"@graph\":[{\"@type\":\"WebPage\",\"@id\":\"https:\\\/\\\/art.if.com.tr\\\/?page_id=23703\",\"url\":\"https:\\\/\\\/art.if.com.tr\\\/?page_id=23703\",\"name\":\"G - Emel - Orhan Karado\u011fan Koleksiyonu\",\"isPartOf\":{\"@id\":\"https:\\\/\\\/art.if.com.tr\\\/#website\"},\"datePublished\":\"2022-08-11T11:56:13+00:00\",\"breadcrumb\":{\"@id\":\"https:\\\/\\\/art.if.com.tr\\\/?page_id=23703#breadcrumb\"},\"inLanguage\":\"tr\",\"potentialAction\":[{\"@type\":\"ReadAction\",\"target\":[\"https:\\\/\\\/art.if.com.tr\\\/?page_id=23703\"]}]},{\"@type\":\"BreadcrumbList\",\"@id\":\"https:\\\/\\\/art.if.com.tr\\\/?page_id=23703#breadcrumb\",\"itemListElement\":[{\"@type\":\"ListItem\",\"position\":1,\"name\":\"Anasayfa\",\"item\":\"https:\\\/\\\/art.if.com.tr\\\/\"},{\"@type\":\"ListItem\",\"position\":2,\"name\":\"Eserler\",\"item\":\"https:\\\/\\\/art.if.com.tr\\\/?page_id=23674\"},{\"@type\":\"ListItem\",\"position\":3,\"name\":\"G\"}]},{\"@type\":\"WebSite\",\"@id\":\"https:\\\/\\\/art.if.com.tr\\\/#website\",\"url\":\"https:\\\/\\\/art.if.com.tr\\\/\",\"name\":\"Emel - Orhan Karado\u011fan Koleksiyonu\",\"description\":\"\",\"publisher\":{\"@id\":\"https:\\\/\\\/art.if.com.tr\\\/#organization\"},\"potentialAction\":[{\"@type\":\"SearchAction\",\"target\":{\"@type\":\"EntryPoint\",\"urlTemplate\":\"https:\\\/\\\/art.if.com.tr\\\/?s={search_term_string}\"},\"query-input\":{\"@type\":\"PropertyValueSpecification\",\"valueRequired\":true,\"valueName\":\"search_term_string\"}}],\"inLanguage\":\"tr\"},{\"@type\":\"Organization\",\"@id\":\"https:\\\/\\\/art.if.com.tr\\\/#organization\",\"name\":\"Emel - Orhan Karado\u011fan Koleksiyonu\",\"url\":\"https:\\\/\\\/art.if.com.tr\\\/\",\"logo\":{\"@type\":\"ImageObject\",\"inLanguage\":\"tr\",\"@id\":\"https:\\\/\\\/art.if.com.tr\\\/#\\\/schema\\\/logo\\\/image\\\/\",\"url\":\"https:\\\/\\\/art.if.com.tr\\\/wp-content\\\/uploads\\\/2022\\\/07\\\/150x150-iF-Art-logo-e1658997012336.png\",\"contentUrl\":\"https:\\\/\\\/art.if.com.tr\\\/wp-content\\\/uploads\\\/2022\\\/07\\\/150x150-iF-Art-logo-e1658997012336.png\",\"width\":150,\"height\":118,\"caption\":\"Emel - Orhan Karado\u011fan Koleksiyonu\"},\"image\":{\"@id\":\"https:\\\/\\\/art.if.com.tr\\\/#\\\/schema\\\/logo\\\/image\\\/\"}}]}<\/script>\n<!-- \/ Yoast SEO plugin. -->","yoast_head_json":{"title":"G - Emel - Orhan Karado\u011fan Koleksiyonu","robots":{"index":"index","follow":"follow","max-snippet":"max-snippet:-1","max-image-preview":"max-image-preview:large","max-video-preview":"max-video-preview:-1"},"canonical":"https:\/\/art.if.com.tr\/?page_id=23703","og_locale":"tr_TR","og_type":"article","og_title":"G - Emel - Orhan Karado\u011fan Koleksiyonu","og_description":"Gastor Gazi \u015eansoy Gence Cengiz Gizem \u00d6zemre G\u00f6k\u00e7e S\u00f6zen G\u00fcl Demirda\u011f G\u00fclay Berryman G\u00fclay Karaku\u015f G\u00fclay Nalc\u0131 G\u00fclcan Keskin G\u00fcl\u00e7in Elyorgun G\u00fcler Aras G\u00fcler A\u015f\u0131k G\u00fcler G\u00f6k G\u00fcler Y\u0131ld\u0131z G\u00fclistan Karag\u00fczel G\u00fcll\u00fc Esen G\u00f6z\u00fctok G\u00fclseren S\u00f6nmez G\u00fcls\u00fcn Y\u0131lmaz G\u00fcltekin \u00c7izgen G\u00fcltekin Serbest G\u00fcne\u015f \u00d6zmen G\u00fcnsu Sara\u00e7o\u011flu G\u00fczin Dilara K\u0131l\u0131\u00e7","og_url":"https:\/\/art.if.com.tr\/?page_id=23703","og_site_name":"Emel - Orhan Karado\u011fan Koleksiyonu","twitter_card":"summary_large_image","schema":{"@context":"https:\/\/schema.org","@graph":[{"@type":"WebPage","@id":"https:\/\/art.if.com.tr\/?page_id=23703","url":"https:\/\/art.if.com.tr\/?page_id=23703","name":"G - Emel - Orhan Karado\u011fan Koleksiyonu","isPartOf":{"@id":"https:\/\/art.if.com.tr\/#website"},"datePublished":"2022-08-11T11:56:13+00:00","breadcrumb":{"@id":"https:\/\/art.if.com.tr\/?page_id=23703#breadcrumb"},"inLanguage":"tr","potentialAction":[{"@type":"ReadAction","target":["https:\/\/art.if.com.tr\/?page_id=23703"]}]},{"@type":"BreadcrumbList","@id":"https:\/\/art.if.com.tr\/?page_id=23703#breadcrumb","itemListElement":[{"@type":"ListItem","position":1,"name":"Anasayfa","item":"https:\/\/art.if.com.tr\/"},{"@type":"ListItem","position":2,"name":"Eserler","item":"https:\/\/art.if.com.tr\/?page_id=23674"},{"@type":"ListItem","position":3,"name":"G"}]},{"@type":"WebSite","@id":"https:\/\/art.if.com.tr\/#website","url":"https:\/\/art.if.com.tr\/","name":"Emel - Orhan Karado\u011fan Koleksiyonu","description":"","publisher":{"@id":"https:\/\/art.if.com.tr\/#organization"},"potentialAction":[{"@type":"SearchAction","target":{"@type":"EntryPoint","urlTemplate":"https:\/\/art.if.com.tr\/?s={search_term_string}"},"query-input":{"@type":"PropertyValueSpecification","valueRequired":true,"valueName":"search_term_string"}}],"inLanguage":"tr"},{"@type":"Organization","@id":"https:\/\/art.if.com.tr\/#organization","name":"Emel - Orhan Karado\u011fan Koleksiyonu","url":"https:\/\/art.if.com.tr\/","logo":{"@type":"ImageObject","inLanguage":"tr","@id":"https:\/\/art.if.com.tr\/#\/schema\/logo\/image\/","url":"https:\/\/art.if.com.tr\/wp-content\/uploads\/2022\/07\/150x150-iF-Art-logo-e1658997012336.png","contentUrl":"https:\/\/art.if.com.tr\/wp-content\/uploads\/2022\/07\/150x150-iF-Art-logo-e1658997012336.png","width":150,"height":118,"caption":"Emel - Orhan Karado\u011fan Koleksiyonu"},"image":{"@id":"https:\/\/art.if.com.tr\/#\/schema\/logo\/image\/"}}]}},"_links":{"self":[{"href":"https:\/\/art.if.com.tr\/index.php?rest_route=\/wp\/v2\/pages\/23703","targetHints":{"allow":["GET"]}}],"collection":[{"href":"https:\/\/art.if.com.tr\/index.php?rest_route=\/wp\/v2\/pages"}],"about":[{"href":"https:\/\/art.if.com.tr\/index.php?rest_route=\/wp\/v2\/types\/page"}],"author":[{"embeddable":true,"href":"https:\/\/art.if.com.tr\/index.php?rest_route=\/wp\/v2\/users\/1"}],"replies":[{"embeddable":true,"href":"https:\/\/art.if.com.tr\/index.php?rest_route=%2Fwp%2Fv2%2Fcomments&post=23703"}],"version-history":[{"count":1,"href":"https:\/\/art.if.com.tr\/index.php?rest_route=\/wp\/v2\/pages\/23703\/revisions"}],"predecessor-version":[{"id":23704,"href":"https:\/\/art.if.com.tr\/index.php?rest_route=\/wp\/v2\/pages\/23703\/revisions\/23704"}],"up":[{"embeddable":true,"href":"https:\/\/art.if.com.tr\/index.php?rest_route=\/wp\/v2\/pages\/23674"}],"wp:attachment":[{"href":"https:\/\/art.if.com.tr\/index.php?rest_route=%2Fwp%2Fv2%2Fmedia&parent=23703"}],"curies":[{"name":"wp","href":"https:\/\/api.w.org\/{rel}","templated":true}]}}