{"id":23680,"date":"2022-08-09T17:28:40","date_gmt":"2022-08-09T14:28:40","guid":{"rendered":"https:\/\/art.if.com.tr\/?page_id=23680"},"modified":"2026-02-06T17:39:52","modified_gmt":"2026-02-06T14:39:52","slug":"a","status":"publish","type":"page","link":"https:\/\/art.if.com.tr\/?page_id=23680","title":{"rendered":"A"},"content":{"rendered":"<div id=\"pl-gb23680-69f74f5c95b7a\"  class=\"panel-layout wp-block-siteorigin-panels-layout-block\" ><div id=\"pg-gb23680-69f74f5c95b7a-0\"  class=\"panel-grid panel-no-style\" ><div id=\"pgc-gb23680-69f74f5c95b7a-0-0\"  class=\"panel-grid-cell panel-grid-cell-empty\" ><\/div><div id=\"pgc-gb23680-69f74f5c95b7a-0-1\"  class=\"panel-grid-cell\" ><div id=\"panel-gb23680-69f74f5c95b7a-0-1-0\" class=\"so-panel widget widget_sow-editor panel-first-child panel-last-child\" data-index=\"0\" ><div\n\t\t\t\n\t\t\tclass=\"so-widget-sow-editor so-widget-sow-editor-base\"\n\t\t\t\n\t\t>\n<div class=\"siteorigin-widget-tinymce textwidget\">\n\t<ul>\n<li><a href=\"https:\/\/art.if.com.tr\/?cat=286\">Abbas Tuncer<\/a><\/li>\n<li><a href=\"https:\/\/art.if.com.tr\/?cat=417\">Abdullah \u00c7er\u00e7el<\/a><\/li>\n<li><a href=\"https:\/\/art.if.com.tr\/?cat=9\">Abdullah Taktak<\/a><\/li>\n<li><a href=\"https:\/\/art.if.com.tr\/?cat=247\">Abdullah Yard\u0131mc\u0131o\u011flu<\/a><\/li>\n<li><a href=\"https:\/\/art.if.com.tr\/?cat=273\">Abdurrahmanpa\u015fa Lisesi<\/a><\/li>\n<li><a href=\"https:\/\/art.if.com.tr\/?cat=318\">Abd\u00fcrrehim G\u00fcney<\/a><\/li>\n<li><a href=\"https:\/\/art.if.com.tr\/?cat=333\">Abidin Dino<\/a><\/li>\n<li><a href=\"https:\/\/art.if.com.tr\/?cat=147\">Adil Ocak<\/a><\/li>\n<li><a href=\"https:\/\/art.if.com.tr\/?cat=4\">Adil Salih<\/a><\/li>\n<li><a href=\"https:\/\/art.if.com.tr\/?cat=476\">Adnan Turani<\/a><\/li>\n<li><a href=\"https:\/\/art.if.com.tr\/?cat=363\">Adviye Bal<\/a><\/li>\n<li><a href=\"https:\/\/art.if.com.tr\/?cat=292\">Ahmet Berkay Ko\u00e7ak<\/a><\/li>\n<li><a href=\"https:\/\/art.if.com.tr\/?cat=479\">Ahmet G\u00f6rsev<\/a><\/li>\n<li><a href=\"https:\/\/art.if.com.tr\/?cat=483\">Ahmet Kalkan<\/a><\/li>\n<li><a href=\"https:\/\/art.if.com.tr\/?cat=480\">Ahmet Kalyon<\/a><\/li>\n<li><a href=\"https:\/\/art.if.com.tr\/?cat=481\">Ahmet Kundak\u00e7\u0131<\/a><\/li>\n<li><a href=\"https:\/\/art.if.com.tr\/?cat=309\">Ahmet \u00d6cal<\/a><\/li>\n<li><a href=\"https:\/\/art.if.com.tr\/?cat=871\">Ahmet \u00d6zel<\/a><\/li>\n<li><a href=\"https:\/\/art.if.com.tr\/?cat=482\">Ahmet Ye\u015fil<\/a><\/li>\n<li><a href=\"https:\/\/art.if.com.tr\/?cat=269\">Akbar Akbari<\/a><\/li>\n<li><a href=\"https:\/\/art.if.com.tr\/?cat=436\">Alex Marx<\/a><\/li>\n<li><a href=\"https:\/\/art.if.com.tr\/?cat=3\">Ali Atmaca<\/a><\/li>\n<li><a href=\"https:\/\/art.if.com.tr\/?cat=484\">Ali Canda\u015f<\/a><\/li>\n<li><a href=\"https:\/\/art.if.com.tr\/?cat=478\">Ali Ethem Keskin<\/a><\/li>\n<li><a href=\"https:\/\/art.if.com.tr\/?cat=243\">Ali Kartal<\/a><\/li>\n<li><a href=\"https:\/\/art.if.com.tr\/?cat=21\">Ali Ko\u00e7ak<\/a><\/li>\n<li><a href=\"https:\/\/art.if.com.tr\/?cat=486\">Ali Kotan<\/a><\/li>\n<li><a href=\"https:\/\/art.if.com.tr\/?cat=198\">Ali Vedat Y\u00fcner<\/a><\/li>\n<li><a href=\"https:\/\/art.if.com.tr\/?cat=22\">Alp Karado\u011fan<\/a><\/li>\n<li><a href=\"https:\/\/art.if.com.tr\/?cat=487\">Alp Tamer Uluk\u0131l\u0131\u00e7<\/a><\/li>\n<li><a href=\"https:\/\/art.if.com.tr\/?cat=23\">Altan \u00c7elem<\/a><\/li>\n<li><a href=\"https:\/\/art.if.com.tr\/?cat=835\">Anikin<\/a><\/li>\n<li><a href=\"https:\/\/art.if.com.tr\/?cat=120\">Anonim<\/a><\/li>\n<li><a href=\"https:\/\/art.if.com.tr\/?cat=840\">Arife D\u00fcz<\/a><\/li>\n<li><a href=\"https:\/\/art.if.com.tr\/?cat=860\">Arma\u011fan Korkmaz<\/a><\/li>\n<li><a href=\"https:\/\/art.if.com.tr\/?cat=24\">Asuman \u00dcnl\u00fc<\/a><\/li>\n<li><a href=\"https:\/\/art.if.com.tr\/?cat=315\">Atila Akay<\/a><\/li>\n<li><a href=\"https:\/\/art.if.com.tr\/?cat=355\">Atilla Akt\u00fcrk<\/a><\/li>\n<li><a href=\"https:\/\/art.if.com.tr\/?cat=337\">Aung Thaw<\/a><\/li>\n<li><a href=\"https:\/\/art.if.com.tr\/?cat=488\">Avni Arba\u015f<\/a><\/li>\n<li><a href=\"https:\/\/art.if.com.tr\/?cat=362\">Aydan Bakt\u0131r<\/a><\/li>\n<li><a href=\"https:\/\/art.if.com.tr\/?cat=489\">Ayd\u0131n \u00c7ukurova<\/a><\/li>\n<li><a href=\"https:\/\/art.if.com.tr\/?cat=330\">Ayhan \u00c7etin<\/a><\/li>\n<li><a href=\"https:\/\/art.if.com.tr\/?cat=25\">Ayhan T\u00fcrker<\/a><\/li>\n<li><a href=\"https:\/\/art.if.com.tr\/?cat=382\">Aykan Kaya<\/a><\/li>\n<li><a href=\"https:\/\/art.if.com.tr\/?cat=477\">Ay\u015fe Ece Deryao\u011flu<\/a><\/li>\n<li><a href=\"https:\/\/art.if.com.tr\/?cat=820\">Ay\u015feg\u00fcl Alt\u0131nta\u015f<\/a><\/li>\n<li><a href=\"https:\/\/art.if.com.tr\/?cat=492\">Ay\u015feg\u00fcl Sa\u011fba\u015f<\/a><\/li>\n<li><a href=\"https:\/\/art.if.com.tr\/?cat=377\">Ay\u015feg\u00fcl Yenen<\/a><\/li>\n<li><a href=\"https:\/\/art.if.com.tr\/?cat=5\">Ay\u015fen Karakaya<\/a><\/li>\n<li><a href=\"https:\/\/art.if.com.tr\/?cat=491\">Aysen Kulluk\u00e7u<\/a><\/li>\n<li><a href=\"https:\/\/art.if.com.tr\/?cat=490\">\u00a0Ayten Erken<\/a><\/li>\n<\/ul>\n<\/div>\n<\/div><\/div><\/div><\/div><\/div>","protected":false},"excerpt":{"rendered":"<p>Abbas Tuncer Abdullah \u00c7er\u00e7el Abdullah Taktak Abdullah Yard\u0131mc\u0131o\u011flu Abdurrahmanpa\u015fa Lisesi Abd\u00fcrrehim G\u00fcney Abidin Dino Adil Ocak Adil Salih Adnan Turani Adviye Bal Ahmet Berkay Ko\u00e7ak Ahmet G\u00f6rsev Ahmet Kalkan Ahmet Kalyon Ahmet Kundak\u00e7\u0131 Ahmet \u00d6cal Ahmet \u00d6zel Ahmet Ye\u015fil Akbar Akbari Alex Marx Ali Atmaca Ali Canda\u015f Ali Ethem Keskin Ali Kartal Ali Ko\u00e7ak Ali &hellip; <\/p>\n","protected":false},"author":1,"featured_media":0,"parent":23674,"menu_order":0,"comment_status":"closed","ping_status":"closed","template":"","meta":{"footnotes":""},"class_list":["post-23680","page","type-page","status-publish","hentry"],"yoast_head":"<!-- This site is optimized with the Yoast SEO plugin v27.5 - https:\/\/yoast.com\/product\/yoast-seo-wordpress\/ -->\n<title>A - Emel - Orhan Karado\u011fan Koleksiyonu<\/title>\n<meta name=\"robots\" content=\"index, follow, max-snippet:-1, max-image-preview:large, max-video-preview:-1\" \/>\n<link rel=\"canonical\" href=\"https:\/\/art.if.com.tr\/?page_id=23680\" \/>\n<meta property=\"og:locale\" content=\"tr_TR\" \/>\n<meta property=\"og:type\" content=\"article\" \/>\n<meta property=\"og:title\" content=\"A - Emel - Orhan Karado\u011fan Koleksiyonu\" \/>\n<meta property=\"og:description\" content=\"Abbas Tuncer Abdullah \u00c7er\u00e7el Abdullah Taktak Abdullah Yard\u0131mc\u0131o\u011flu Abdurrahmanpa\u015fa Lisesi Abd\u00fcrrehim G\u00fcney Abidin Dino Adil Ocak Adil Salih Adnan Turani Adviye Bal Ahmet Berkay Ko\u00e7ak Ahmet G\u00f6rsev Ahmet Kalkan Ahmet Kalyon Ahmet Kundak\u00e7\u0131 Ahmet \u00d6cal Ahmet \u00d6zel Ahmet Ye\u015fil Akbar Akbari Alex Marx Ali Atmaca Ali Canda\u015f Ali Ethem Keskin Ali Kartal Ali Ko\u00e7ak Ali &hellip;\" \/>\n<meta property=\"og:url\" content=\"https:\/\/art.if.com.tr\/?page_id=23680\" \/>\n<meta property=\"og:site_name\" content=\"Emel - Orhan Karado\u011fan Koleksiyonu\" \/>\n<meta property=\"article:modified_time\" content=\"2026-02-06T14:39:52+00:00\" \/>\n<meta name=\"twitter:card\" content=\"summary_large_image\" \/>\n<meta name=\"twitter:label1\" content=\"Tahmini okuma s\u00fcresi\" \/>\n\t<meta name=\"twitter:data1\" content=\"1 dakika\" \/>\n<script type=\"application\/ld+json\" class=\"yoast-schema-graph\">{\"@context\":\"https:\\\/\\\/schema.org\",\"@graph\":[{\"@type\":\"WebPage\",\"@id\":\"https:\\\/\\\/art.if.com.tr\\\/?page_id=23680\",\"url\":\"https:\\\/\\\/art.if.com.tr\\\/?page_id=23680\",\"name\":\"A - Emel - Orhan Karado\u011fan Koleksiyonu\",\"isPartOf\":{\"@id\":\"https:\\\/\\\/art.if.com.tr\\\/#website\"},\"datePublished\":\"2022-08-09T14:28:40+00:00\",\"dateModified\":\"2026-02-06T14:39:52+00:00\",\"breadcrumb\":{\"@id\":\"https:\\\/\\\/art.if.com.tr\\\/?page_id=23680#breadcrumb\"},\"inLanguage\":\"tr\",\"potentialAction\":[{\"@type\":\"ReadAction\",\"target\":[\"https:\\\/\\\/art.if.com.tr\\\/?page_id=23680\"]}]},{\"@type\":\"BreadcrumbList\",\"@id\":\"https:\\\/\\\/art.if.com.tr\\\/?page_id=23680#breadcrumb\",\"itemListElement\":[{\"@type\":\"ListItem\",\"position\":1,\"name\":\"Anasayfa\",\"item\":\"https:\\\/\\\/art.if.com.tr\\\/\"},{\"@type\":\"ListItem\",\"position\":2,\"name\":\"Eserler\",\"item\":\"https:\\\/\\\/art.if.com.tr\\\/?page_id=23674\"},{\"@type\":\"ListItem\",\"position\":3,\"name\":\"A\"}]},{\"@type\":\"WebSite\",\"@id\":\"https:\\\/\\\/art.if.com.tr\\\/#website\",\"url\":\"https:\\\/\\\/art.if.com.tr\\\/\",\"name\":\"Emel - Orhan Karado\u011fan Koleksiyonu\",\"description\":\"\",\"publisher\":{\"@id\":\"https:\\\/\\\/art.if.com.tr\\\/#organization\"},\"potentialAction\":[{\"@type\":\"SearchAction\",\"target\":{\"@type\":\"EntryPoint\",\"urlTemplate\":\"https:\\\/\\\/art.if.com.tr\\\/?s={search_term_string}\"},\"query-input\":{\"@type\":\"PropertyValueSpecification\",\"valueRequired\":true,\"valueName\":\"search_term_string\"}}],\"inLanguage\":\"tr\"},{\"@type\":\"Organization\",\"@id\":\"https:\\\/\\\/art.if.com.tr\\\/#organization\",\"name\":\"Emel - Orhan Karado\u011fan Koleksiyonu\",\"url\":\"https:\\\/\\\/art.if.com.tr\\\/\",\"logo\":{\"@type\":\"ImageObject\",\"inLanguage\":\"tr\",\"@id\":\"https:\\\/\\\/art.if.com.tr\\\/#\\\/schema\\\/logo\\\/image\\\/\",\"url\":\"https:\\\/\\\/art.if.com.tr\\\/wp-content\\\/uploads\\\/2022\\\/07\\\/150x150-iF-Art-logo-e1658997012336.png\",\"contentUrl\":\"https:\\\/\\\/art.if.com.tr\\\/wp-content\\\/uploads\\\/2022\\\/07\\\/150x150-iF-Art-logo-e1658997012336.png\",\"width\":150,\"height\":118,\"caption\":\"Emel - Orhan Karado\u011fan Koleksiyonu\"},\"image\":{\"@id\":\"https:\\\/\\\/art.if.com.tr\\\/#\\\/schema\\\/logo\\\/image\\\/\"}}]}<\/script>\n<!-- \/ Yoast SEO plugin. -->","yoast_head_json":{"title":"A - Emel - Orhan Karado\u011fan Koleksiyonu","robots":{"index":"index","follow":"follow","max-snippet":"max-snippet:-1","max-image-preview":"max-image-preview:large","max-video-preview":"max-video-preview:-1"},"canonical":"https:\/\/art.if.com.tr\/?page_id=23680","og_locale":"tr_TR","og_type":"article","og_title":"A - Emel - Orhan Karado\u011fan Koleksiyonu","og_description":"Abbas Tuncer Abdullah \u00c7er\u00e7el Abdullah Taktak Abdullah Yard\u0131mc\u0131o\u011flu Abdurrahmanpa\u015fa Lisesi Abd\u00fcrrehim G\u00fcney Abidin Dino Adil Ocak Adil Salih Adnan Turani Adviye Bal Ahmet Berkay Ko\u00e7ak Ahmet G\u00f6rsev Ahmet Kalkan Ahmet Kalyon Ahmet Kundak\u00e7\u0131 Ahmet \u00d6cal Ahmet \u00d6zel Ahmet Ye\u015fil Akbar Akbari Alex Marx Ali Atmaca Ali Canda\u015f Ali Ethem Keskin Ali Kartal Ali Ko\u00e7ak Ali &hellip;","og_url":"https:\/\/art.if.com.tr\/?page_id=23680","og_site_name":"Emel - Orhan Karado\u011fan Koleksiyonu","article_modified_time":"2026-02-06T14:39:52+00:00","twitter_card":"summary_large_image","twitter_misc":{"Tahmini okuma s\u00fcresi":"1 dakika"},"schema":{"@context":"https:\/\/schema.org","@graph":[{"@type":"WebPage","@id":"https:\/\/art.if.com.tr\/?page_id=23680","url":"https:\/\/art.if.com.tr\/?page_id=23680","name":"A - Emel - Orhan Karado\u011fan Koleksiyonu","isPartOf":{"@id":"https:\/\/art.if.com.tr\/#website"},"datePublished":"2022-08-09T14:28:40+00:00","dateModified":"2026-02-06T14:39:52+00:00","breadcrumb":{"@id":"https:\/\/art.if.com.tr\/?page_id=23680#breadcrumb"},"inLanguage":"tr","potentialAction":[{"@type":"ReadAction","target":["https:\/\/art.if.com.tr\/?page_id=23680"]}]},{"@type":"BreadcrumbList","@id":"https:\/\/art.if.com.tr\/?page_id=23680#breadcrumb","itemListElement":[{"@type":"ListItem","position":1,"name":"Anasayfa","item":"https:\/\/art.if.com.tr\/"},{"@type":"ListItem","position":2,"name":"Eserler","item":"https:\/\/art.if.com.tr\/?page_id=23674"},{"@type":"ListItem","position":3,"name":"A"}]},{"@type":"WebSite","@id":"https:\/\/art.if.com.tr\/#website","url":"https:\/\/art.if.com.tr\/","name":"Emel - Orhan Karado\u011fan Koleksiyonu","description":"","publisher":{"@id":"https:\/\/art.if.com.tr\/#organization"},"potentialAction":[{"@type":"SearchAction","target":{"@type":"EntryPoint","urlTemplate":"https:\/\/art.if.com.tr\/?s={search_term_string}"},"query-input":{"@type":"PropertyValueSpecification","valueRequired":true,"valueName":"search_term_string"}}],"inLanguage":"tr"},{"@type":"Organization","@id":"https:\/\/art.if.com.tr\/#organization","name":"Emel - Orhan Karado\u011fan Koleksiyonu","url":"https:\/\/art.if.com.tr\/","logo":{"@type":"ImageObject","inLanguage":"tr","@id":"https:\/\/art.if.com.tr\/#\/schema\/logo\/image\/","url":"https:\/\/art.if.com.tr\/wp-content\/uploads\/2022\/07\/150x150-iF-Art-logo-e1658997012336.png","contentUrl":"https:\/\/art.if.com.tr\/wp-content\/uploads\/2022\/07\/150x150-iF-Art-logo-e1658997012336.png","width":150,"height":118,"caption":"Emel - Orhan Karado\u011fan Koleksiyonu"},"image":{"@id":"https:\/\/art.if.com.tr\/#\/schema\/logo\/image\/"}}]}},"_links":{"self":[{"href":"https:\/\/art.if.com.tr\/index.php?rest_route=\/wp\/v2\/pages\/23680","targetHints":{"allow":["GET"]}}],"collection":[{"href":"https:\/\/art.if.com.tr\/index.php?rest_route=\/wp\/v2\/pages"}],"about":[{"href":"https:\/\/art.if.com.tr\/index.php?rest_route=\/wp\/v2\/types\/page"}],"author":[{"embeddable":true,"href":"https:\/\/art.if.com.tr\/index.php?rest_route=\/wp\/v2\/users\/1"}],"replies":[{"embeddable":true,"href":"https:\/\/art.if.com.tr\/index.php?rest_route=%2Fwp%2Fv2%2Fcomments&post=23680"}],"version-history":[{"count":10,"href":"https:\/\/art.if.com.tr\/index.php?rest_route=\/wp\/v2\/pages\/23680\/revisions"}],"predecessor-version":[{"id":26412,"href":"https:\/\/art.if.com.tr\/index.php?rest_route=\/wp\/v2\/pages\/23680\/revisions\/26412"}],"up":[{"embeddable":true,"href":"https:\/\/art.if.com.tr\/index.php?rest_route=\/wp\/v2\/pages\/23674"}],"wp:attachment":[{"href":"https:\/\/art.if.com.tr\/index.php?rest_route=%2Fwp%2Fv2%2Fmedia&parent=23680"}],"curies":[{"name":"wp","href":"https:\/\/api.w.org\/{rel}","templated":true}]}}